{"id":4346,"date":"2016-09-27T02:31:35","date_gmt":"2016-09-27T02:31:35","guid":{"rendered":"http:\/\/demo.arrowpress.net\/fekra\/?page_id=4346"},"modified":"2024-01-22T23:02:05","modified_gmt":"2024-01-22T22:02:05","slug":"onepage-business","status":"publish","type":"page","link":"https:\/\/inchcape.de\/de\/","title":{"rendered":"Onepage &#8211; business"},"content":{"rendered":"<section class=\"wpb-content-wrapper\"><p>[vc_row full_width=&#8221;stretch_row_content_no_spaces&#8221; el_id=&#8221;home&#8221;][vc_column][rev_slider_vc alias=&#8221;business&#8221;][\/vc_column][\/vc_row][vc_row el_class=&#8221;about-section padding-top-60&#8243; el_id=&#8221;service&#8221;][vc_column]    <div class=\"fekra-heading-style\">\r\n        <header class=\"page-heading text-center small\">\r\n                                        <h2 class=\"text-capitalize font-medium heading lime \">Service<\/h2>\r\n                                    <\/header>\r\n    <\/div>\r\n    [\/vc_column][\/vc_row][vc_row el_class=&#8221;about-section padding-top-25 padding-bottom-60&#8243;][vc_column width=&#8221;1\/2&#8243; el_class=&#8221;about-section&#8221; offset=&#8221;vc_col-lg-6 vc_col-md-6&#8243;][vc_column_text]<\/p>\n<h3 style=\"text-align: center;\"><strong>Vermietung<\/strong><\/h3>\n<p>Wir sind auf die Vermietung von hochwertigen Limousinen, SUVs und Sportwagen verschiedener Premiumhersteller wie Mercedes Benz, Audi, Porsche, Landrover und Bentley spezialisiert. Mit einem umfangreichen und st\u00e4ndig aktualisierten Fuhrpark sprechen wir neben Privatpersonen auch Unternehmen in ganz Europa an, welche repr\u00e4sentative Fahrzeuge f\u00fcr internationale Gesch\u00e4ftsreisen oder Messebesuche ben\u00f6tigen. Wir sind davon \u00fcberzeugt, dass wir durch exzellenten Service und top gepflegte Fahrzeuge auch anspruchsvolle Kunden zufriedenstellen k\u00f6nnen. Wir freuen uns auf Ihre unverbindliche Anfrage nach einem individuellen Angebot.<\/p>\n<p>Hier finden Sie unsere angebotenen Fahrzeuge: <a href=\"https:\/\/inchcape.de\/wp-content\/uploads\/2016\/01\/mietwagenliste.pdf\"><strong>Mietwagenliste<\/strong><\/a>[\/vc_column_text][\/vc_column][vc_column width=&#8221;1\/2&#8243; offset=&#8221;vc_col-lg-6 vc_col-md-6&#8243;][vc_column_text]<\/p>\n<h3 style=\"text-align: center;\"><strong>Leasing<\/strong><\/h3>\n<p>Gerade f\u00fcr Unternehmen ist das Leasen von Fahrzeugen durch den entstehenden Liquidit\u00e4tsvorteil eine empfehlenswerte L\u00f6sung zur Finanzierung eines Fuhrparks. Neben der Kurz- oder Langzeitvermietung k\u00f6nnen wir Ihnen Fahrzeuge der meisten Premiummarken mit Ihrer gew\u00fcnschten Ausstattung bestellen und einen auf Sie zugeschnittenen Leasingvertrag vermitteln. Wir arbeiten in diesem Bereich seit langem erfolgreich mit der Santander Bank zusammen und k\u00f6nnen Ihnen wettbewerbsf\u00e4hige Sonderkonditionen anbieten. Gerne beraten wir Sie bei der individuellen Gestaltung Ihres betrieblichen Fuhrparks und helfen Ihnen dabei Ihre Gesamtkosten zu optimieren.[\/vc_column_text][\/vc_column][\/vc_row][vc_row disable_element=&#8221;yes&#8221; el_class=&#8221;about-section padding-top-25 padding-bottom-60&#8243;][vc_column el_class=&#8221;about-section&#8221; offset=&#8221;vc_col-lg-6 vc_col-md-6&#8243;]    <div class=\"fekra-icon-advanced\">\r\n                    <div class=\"icon-normal\">\r\n                <div class=\"box fekra-icon-align-left\">\r\n                    <h3 class=\"title fekra-icon-size-sm\"><i class=\"fa fa-caret-right\"><\/i>Who we are<\/h3>\r\n                    <div><p>Sed ut perspiciatis unde omnis iste natus error sit voluptatem accusantium doloremque laudantium, totam rem aperiam, eaque ipsa quae ab illo inventore veritatis et quasi architecto beatae vitae dicta sunt explicabo.<\/p>\n<\/div>\r\n                                    <\/div>\r\n            <\/div>\r\n                <\/div>\r\n        <div class=\"fekra-icon-advanced\">\r\n                    <div class=\"icon-normal\">\r\n                <div class=\"box fekra-icon-align-left\">\r\n                    <h3 class=\"title fekra-icon-size-sm\"><i class=\"fa fa-caret-right\"><\/i>Mission &amp; Vision<\/h3>\r\n                    <div><p>Sed ut perspiciatis unde omnis iste natus error sit voluptatem accusantium doloremque laudantium, totam rem aperiam, eaque ipsa quae ab illo inventore veritatis et quasi architecto beatae vitae dicta sunt explicabo.<\/p>\n<\/div>\r\n                                    <\/div>\r\n            <\/div>\r\n                <\/div>\r\n        <div class=\"fekra-icon-advanced\">\r\n                    <div class=\"icon-normal\">\r\n                <div class=\"box fekra-icon-align-left\">\r\n                    <h3 class=\"title fekra-icon-size-sm\"><i class=\"fa fa-caret-right\"><\/i>Our Strategy<\/h3>\r\n                    <div><p>Sed ut perspiciatis unde omnis iste natus error sit voluptatem accusantium doloremque laudantium, totam rem aperiam, eaque ipsa quae ab illo inventore veritatis<\/p>\n<\/div>\r\n                                    <\/div>\r\n            <\/div>\r\n                <\/div>\r\n        <div class=\"fekra-btn vc_btn3-containers vc_btn3-inline fekra_btn_position_ubtn-left vc_tta-container\">\r\n    <button type=\"button\" onmouseleave=\"this.style.borderColor='#f96015'; this.style.backgroundColor='#f96015'; this.style.color='#ffffff'\" onmouseenter=\"this.style.borderColor='#222222'; this.style.backgroundColor='transparent'; this.style.color='#222222';\" style=\"background-color:#f96015; color:#ffffff; border-style:solid; border-color:#f96015; border-width:1px; border-radius:0px; font-size:12px; line-height:16px;\" class=\"vc_btn3-size-ubtn-normal\" >Know more<\/button><\/div>[\/vc_column][vc_column offset=&#8221;vc_col-lg-6 vc_col-md-6&#8243;][vc_row_inner][vc_column_inner width=&#8221;1\/2&#8243;][vc_single_image image=&#8221;672&#8243; img_size=&#8221;full&#8221; css=&#8221;.vc_custom_1456389270930{margin-bottom: 28px !important;}&#8221;][vc_single_image image=&#8221;673&#8243; img_size=&#8221;full&#8221;][\/vc_column_inner][vc_column_inner width=&#8221;1\/2&#8243;][vc_single_image image=&#8221;674&#8243; img_size=&#8221;full&#8221;][\/vc_column_inner][\/vc_row_inner][\/vc_column][\/vc_row][vc_row full_width=&#8221;stretch_row&#8221; css=&#8221;.vc_custom_1562618095390{background-image: url(https:\/\/inchcape.de\/wp-content\/uploads\/2019\/07\/banner-2.jpg?id=4651) !important;background-position: center !important;background-repeat: no-repeat !important;background-size: cover !important;}&#8221; el_class=&#8221;contact-form&#8221; el_id=&#8221;kontakt&#8221;][vc_column]    <div class=\"fekra-heading-style\">\r\n        <header class=\"page-heading text-center \">\r\n            <div class=\"heading\">                            <h2 class=\"text-capitalize font-medium white\">Kontakt<\/h2>\r\n                            <\/div>        <\/header>\r\n    <\/div>\r\n    [vc_column_text]<\/p>\n<p style=\"text-align: center;\">Treten Sie mit uns in Kontakt, wir freuen uns darauf Sie unverbindlich zu beraten und ein auf Sie zugeschnittenes Angebot zu erstellen!<\/p>\n<p style=\"text-align: center;\">Adresse: Heidestra\u00dfe 2, 51069 K\u00f6ln<\/p>\n<p style=\"text-align: center;\">Telefon: +49 (0)221 \u2013 5607 \u2013 5135<\/p>\n<p style=\"text-align: center;\">Telefax: +49 (0)221\u2013 5607\u2013 5134<\/p>\n<p style=\"text-align: center;\">E-Mail:<a href=\"emailto:info@inchcape.de\"> info@inchcape.de<\/a><\/p>\n<p>[\/vc_column_text][\/vc_column][\/vc_row][vc_row disable_element=&#8221;yes&#8221; el_class=&#8221;padding-bottom-90 padding-top-90&#8243; el_id=&#8221;impressum&#8221;][vc_column]    <div class=\"fekra-heading-style\">\r\n        <header class=\"page-heading text-center small\">\r\n            <div class=\"heading\">                            <h2 class=\"text-capitalize font-medium lime\">Impressum<\/h2>\r\n                            <\/div>        <\/header>\r\n    <\/div>\r\n    [vc_column_text]<\/p>\n<p style=\"text-align: center;\"><strong>Angaben gem\u00e4\u00df \u00a7 5 TMG:<\/strong><\/p>\n<p style=\"text-align: center;\">Inchcape GmbH<br \/>\nRapunzelweg 9<br \/>\n50170 Bergheim<\/p>\n<p style=\"text-align: center;\"><strong>Kontakt:<\/strong><br \/>\nTelefon: +49 (0)2271 &#8211; 46211 &#8211; 44<br \/>\nTelefax: +49 (0)2271 &#8211; 46211 &#8211; 46<br \/>\nMobil: +49 \u2013 176 \u2013 2313 31 17<br \/>\nE-Mail: info@inchcape.de<\/p>\n<p style=\"text-align: center;\"><strong>Registereintrag:<\/strong><\/p>\n<p style=\"text-align: center;\">Eintragung im Handelsregister.<br \/>\nRegistergericht:Amtsgericht K\u00f6ln<br \/>\nRegisternummer: HRB 85026<\/p>\n<p style=\"text-align: center;\"><strong>Umsatzsteuer-ID:<\/strong><\/p>\n<p style=\"text-align: center;\">Umsatzsteuer-Identifikationsnummer gem\u00e4\u00df \u00a727 a Umsatzsteuergesetz: DE300915896<\/p>\n<p style=\"text-align: center;\">Design des Firmenlogos: Andre Fritz, Agentur f\u00fcr Grafikdesign<br \/>\nQuellenangaben f\u00fcr die verwendeten Bilder und Grafiken:<br \/>\nQuelle: http:\/\/www.e-recht24.de<\/p>\n<p>[\/vc_column_text][\/vc_column][\/vc_row][vc_row full_width=&#8221;stretch_row&#8221; disable_element=&#8221;yes&#8221; css=&#8221;.vc_custom_1569614880634{background-image: url(https:\/\/inchcape.de\/wp-content\/uploads\/2019\/07\/newsletter-bg.jpg?id=4647) !important;background-position: center !important;background-repeat: no-repeat !important;background-size: cover !important;}&#8221; el_class=&#8221;contact-form&#8221;][vc_column][vc_empty_space height=&#8221;100px&#8221;][\/vc_column][\/vc_row][vc_row disable_element=&#8221;yes&#8221; el_class=&#8221;padding-bottom-90 padding-top-90&#8243; el_id=&#8221;datenschutz&#8221;][vc_column]    <div class=\"fekra-heading-style\">\r\n        <header class=\"page-heading text-center small\">\r\n            <div class=\"heading\">                            <h2 class=\"text-capitalize font-medium lime\">Datenschutzerkl\u00e4rung<\/h2>\r\n                            <\/div>        <\/header>\r\n    <\/div>\r\n    [vc_column_text]<\/p>\n<p style=\"text-align: center;\"><strong>Datenschutz<\/strong><\/p>\n<p style=\"text-align: center;\">Die Betreiber dieser Seiten nehmen den Schutz Ihrer pers\u00f6nlichen Daten sehr ernst. Wir behandeln Ihre personenbezogenen Daten vertraulich und entsprechend der gesetzlichen Datenschutzvorschriften sowie dieser Datenschutzerkl\u00e4rung.<\/p>\n<p style=\"text-align: center;\">Die Nutzung unserer Webseite ist in der Regel ohne Angabe personenbezogener Daten m\u00f6glich. Soweit auf unseren Seiten personenbezogene Daten (beispielsweise Name, Anschrift oder E-Mail-Adressen) erhoben werden, erfolgt dies, soweit m\u00f6glich, stets auf freiwilliger Basis. Diese Daten werden ohne Ihre ausdr\u00fcckliche Zustimmung nicht an Dritte weitergegeben.<\/p>\n<p style=\"text-align: center;\">Wir weisen darauf hin, dass die Daten\u00fcbertragung im Internet (z.B. bei der Kommunikation per E-Mail) Sicherheitsl\u00fccken aufweisen kann. Ein l\u00fcckenloser Schutz der Daten vor dem Zugriff durch Dritte ist nicht m\u00f6glich.<\/p>\n<p style=\"text-align: center;\"><strong>Haftungsausschluss (Disclaimer)<\/strong><\/p>\n<p style=\"text-align: center;\"><strong>Haftung f\u00fcr Inhalte<\/strong><\/p>\n<p style=\"text-align: center;\">Als Diensteanbieter sind wir gem\u00e4\u00df \u00a7 7 Abs.1 TMG f\u00fcr eigene Inhalte auf diesen Seiten nach den allgemeinen Gesetzen verantwortlich. Nach \u00a7\u00a7 8 bis 10 TMG sind wir als Diensteanbieter jedoch nicht verpflichtet, \u00fcbermittelte oder gespeicherte fremde Informationen zu \u00fcberwachen oder nach Umst\u00e4nden zu forschen, die auf eine rechtswidrige T\u00e4tigkeit hinweisen. Verpflichtungen zur Entfernung oder Sperrung der Nutzung von Informationen nach den allgemeinen Gesetzen bleiben hiervon unber\u00fchrt. Eine diesbez\u00fcgliche Haftung ist jedoch erst ab dem Zeitpunkt der Kenntnis einer konkreten Rechtsverletzung m\u00f6glich. Bei Bekanntwerden von entsprechenden Rechtsverletzungen werden wir diese Inhalte umgehend entfernen.<\/p>\n<p style=\"text-align: center;\"><strong>Haftung f\u00fcr Links<\/strong><\/p>\n<p style=\"text-align: center;\">Unser Angebot enth\u00e4lt Links zu externen Webseiten Dritter, auf deren Inhalte wir keinen Einfluss haben. Deshalb k\u00f6nnen wir f\u00fcr diese fremden Inhalte auch keine Gew\u00e4hr \u00fcbernehmen. F\u00fcr die Inhalte der verlinkten Seiten ist stets der jeweilige Anbieter oder Betreiber der Seiten verantwortlich. Die verlinkten Seiten wurden zum Zeitpunkt der Verlinkung auf m\u00f6gliche Rechtsverst\u00f6\u00dfe \u00fcberpr\u00fcft. Rechtswidrige Inhalte waren zum Zeitpunkt der Verlinkung nicht erkennbar. Eine permanente inhaltliche Kontrolle der verlinkten Seiten ist jedoch ohne konkrete Anhaltspunkte einer Rechtsverletzung nicht zumutbar. Bei Bekanntwerden von Rechtsverletzungen werden wir derartige Links umgehend entfernen.<\/p>\n<p style=\"text-align: center;\"><strong>Urheberrecht<\/strong><\/p>\n<p style=\"text-align: center;\">Die durch die Seitenbetreiber erstellten Inhalte und Werke auf diesen Seiten unterliegen dem deutschen Urheberrecht. Die Vervielf\u00e4ltigung, Bearbeitung, Verbreitung und jede Art der Verwertung au\u00dferhalb der Grenzen des Urheberrechtes bed\u00fcrfen der schriftlichen Zustimmung des jeweiligen Autors bzw. Erstellers. Downloads und Kopien dieser Seite sind nur f\u00fcr den privaten, nicht kommerziellen Gebrauch gestattet. Soweit die Inhalte auf dieser Seite nicht vom Betreiber erstellt wurden, werden die Urheberrechte Dritter beachtet. Insbesondere werden Inhalte Dritter als solche gekennzeichnet. Sollten Sie trotzdem auf eine Urheberrechtsverletzung aufmerksam werden, bitten wir um einen entsprechenden Hinweis. Bei Bekanntwerden von Rechtsverletzungen werden wir derartige Inhalte umgehend entfernen.<\/p>\n<p>[\/vc_column_text][\/vc_column][\/vc_row][vc_row][vc_column][vc_column_text]<\/p>\n<p>[\/vc_column_text][\/vc_column][\/vc_row]<\/p>\n<\/section>","protected":false},"excerpt":{"rendered":"<p>[vc_row full_width=&#8221;stretch_row_content_no_spaces&#8221; el_id=&#8221;home&#8221;][vc_column][rev_slider_vc alias=&#8221;business&#8221;][\/vc_column][\/vc_row][vc_row el_class=&#8221;about-section padding-top-60&#8243; el_id=&#8221;service&#8221;][vc_column][\/vc_column][\/vc_row][vc_row el_class=&#8221;about-section padding-top-25 padding-bottom-60&#8243;][vc_column width=&#8221;1\/2&#8243; el_class=&#8221;about-section&#8221; offset=&#8221;vc_col-lg-6 vc_col-md-6&#8243;][vc_column_text] Vermietung Wir sind auf die Vermietung von hochwertigen Limousinen, SUVs und Sportwagen verschiedener Premiumhersteller wie Mercedes Benz, Audi, Porsche, Landrover und Bentley spezialisiert. Mit einem umfangreichen und st\u00e4ndig aktualisierten Fuhrpark sprechen wir neben Privatpersonen auch Unternehmen in ganz Europa an, welche&#8230;<\/p>\n","protected":false},"author":1,"featured_media":0,"parent":0,"menu_order":0,"comment_status":"closed","ping_status":"closed","template":"","meta":{"footnotes":""},"_links":{"self":[{"href":"https:\/\/inchcape.de\/de\/wp-json\/wp\/v2\/pages\/4346"}],"collection":[{"href":"https:\/\/inchcape.de\/de\/wp-json\/wp\/v2\/pages"}],"about":[{"href":"https:\/\/inchcape.de\/de\/wp-json\/wp\/v2\/types\/page"}],"author":[{"embeddable":true,"href":"https:\/\/inchcape.de\/de\/wp-json\/wp\/v2\/users\/1"}],"replies":[{"embeddable":true,"href":"https:\/\/inchcape.de\/de\/wp-json\/wp\/v2\/comments?post=4346"}],"version-history":[{"count":53,"href":"https:\/\/inchcape.de\/de\/wp-json\/wp\/v2\/pages\/4346\/revisions"}],"predecessor-version":[{"id":4895,"href":"https:\/\/inchcape.de\/de\/wp-json\/wp\/v2\/pages\/4346\/revisions\/4895"}],"wp:attachment":[{"href":"https:\/\/inchcape.de\/de\/wp-json\/wp\/v2\/media?parent=4346"}],"curies":[{"name":"wp","href":"https:\/\/api.w.org\/{rel}","templated":true}]}}